{"id":23294,"date":"2024-07-22T22:47:11","date_gmt":"2024-07-22T20:47:11","guid":{"rendered":"https:\/\/swetechockey.com\/startsida\/?page_id=23294"},"modified":"2025-09-02T13:35:44","modified_gmt":"2025-09-02T11:35:44","slug":"summer-challenge","status":"publish","type":"page","link":"https:\/\/swetechockey.com\/startsida\/summer-challenge\/","title":{"rendered":"Summer Challenge"},"content":{"rendered":"<div class=\"wpb-content-wrapper\">[vc_row full_width=&#8221;stretch_row&#8221; content_placement=&#8221;middle&#8221; columns_right=&#8221;yes&#8221; wpex_bg_position=&#8221;bottom&#8221; css=&#8221;.vc_custom_1636149861456{margin-bottom: 80px !important;}&#8221;][vc_column width=&#8221;1\/2&#8243;]<figure class=\"vcex-image vcex-module wpex-text-center\"><div class=\"vcex-image-inner wpex-relative wpex-inline-block vc_custom_1756214865764\"><img width=\"1000\" height=\"616\" src=\"https:\/\/media.swetechockey.com\/2025\/07\/summerchallenge_logo_2026.png\" class=\"vcex-image-img wpex-align-middle\" alt=\"\" loading=\"lazy\" decoding=\"async\" srcset=\"https:\/\/media.swetechockey.com\/2025\/07\/summerchallenge_logo_2026.png 1000w, https:\/\/media.swetechockey.com\/2025\/07\/summerchallenge_logo_2026-400x246.png 400w, https:\/\/media.swetechockey.com\/2025\/07\/summerchallenge_logo_2026-768x473.png 768w, https:\/\/media.swetechockey.com\/2025\/07\/summerchallenge_logo_2026-600x370.png 600w\" sizes=\"auto, (max-width: 1000px) 100vw, 1000px\" \/><\/div><\/figure>[\/vc_column][vc_column width=&#8221;1\/2&#8243;][vc_column_text css=&#8221;.vc_custom_1753859204963{padding-top: 30px !important;}&#8221;]\n<h2>V\u00e4lkomna till &#8221;SUPER WEEK&#8221; 2026!<\/h2>\n<p><b>SUMMER CHALLENGE<\/b> blir <strong>25 \u00e5r<\/strong> 2026, det \u00e4r Sveriges mest ambiti\u00f6sa hockeyl\u00e4ger f\u00f6r h\u00f6g motiverade deltagare, du investera i din framtida karri\u00e4r. Vi jobbar efter <strong style=\"font-weight: 400;\">LAGOM<\/strong> \u00e4r <strong style=\"font-weight: 400;\"><span style=\"text-decoration: underline;\">s\u00e4mst<\/span><\/strong>, ordning och disiplin. Vi f\u00f6ljer Swetec koncept med inl\u00e4rning och pedagogiska verktyg med Swetec proffsiga ledarteam.<\/p>\n<p style=\"font-weight: 400;\">V\u00e5rt m\u00e5l \u00e4r att utveckla varje deltagare, att f\u00f6rst\u00e5 <strong>VARF\u00d6R<\/strong>, <strong>HUR<\/strong> och <strong>N\u00c4R. <\/strong>Kravet f\u00f6r att bli en h\u00f6gpresterande ishockeyspelare kr\u00e4ver detaljer. Utmaning kr\u00e4ver disciplin och f\u00f6rberedelse innan campen.<\/p>\n<p style=\"font-weight: 400;\">Vi erbjuder 3 ispass om dagen med fokus p\u00e5 skridskoteknik, skills kontroll, spelf\u00f6rst\u00e5else och integrerad med 2 fyspass (<strong><a href=\"http:\/\/www.xfittraining.se\" target=\"_blank\" rel=\"noopener\">Xhockeyfit<\/a><\/strong>) samt ett v\u00e4lorganiserat schema.<\/p>\n<p><strong>V\u00e4lkommen till Swetec Summer Challenge, most ice in Europe!<\/strong>[\/vc_column_text][\/vc_column][\/vc_row][vc_row content_placement=&#8221;middle&#8221; column_spacing=&#8221;0px&#8221; equal_height=&#8221;yes&#8221; remove_bottom_col_margin=&#8221;true&#8221; css=&#8221;.vc_custom_1756369735472{margin-bottom: 60px !important;}&#8221; el_class=&#8221;campinfobox&#8221;][vc_column width=&#8221;1\/3&#8243; css=&#8221;.vc_custom_1756369797213{background: #000000 url(https:\/\/media.swetechockey.com\/2025\/08\/swe_bak_dagge.png?id=25222) !important;background-position: center !important;background-repeat: no-repeat !important;background-size: cover !important;}&#8221; min_height=&#8221;250px&#8221;]<figure class=\"vcex-image vcex-module wpex-text-center\"><div class=\"vcex-image-inner wpex-relative wpex-inline-block vc_custom_1756369170773\"><img width=\"1000\" height=\"616\" src=\"https:\/\/media.swetechockey.com\/2025\/07\/summerchallenge_logo_2026.png\" class=\"vcex-image-img wpex-align-middle\" alt=\"\" loading=\"lazy\" decoding=\"async\" srcset=\"https:\/\/media.swetechockey.com\/2025\/07\/summerchallenge_logo_2026.png 1000w, https:\/\/media.swetechockey.com\/2025\/07\/summerchallenge_logo_2026-400x246.png 400w, https:\/\/media.swetechockey.com\/2025\/07\/summerchallenge_logo_2026-768x473.png 768w, https:\/\/media.swetechockey.com\/2025\/07\/summerchallenge_logo_2026-600x370.png 600w\" sizes=\"auto, (max-width: 1000px) 100vw, 1000px\" \/><\/div><\/figure>[\/vc_column][vc_column width=&#8221;2\/3&#8243; css=&#8221;.vc_custom_1687338444905{background-color: #ffffff !important;}&#8221;]<style>.vcex-heading.vcex_69ef3669ade4b{color:#ffffff;font-size:26px;background-color:var(--wpex-accent);}@media (max-width:479px){.vcex-heading.vcex_69ef3669ade4b{font-size:20px;}}<\/style><h2 class=\"vcex-heading vcex-heading-plain vcex-module wpex-heading wpex-text-2xl wpex-h2 wpex-rounded-0 wpex-text-left vc_custom_1720991202069 vcex_69ef3669ade4b\"><span class=\"vcex-heading-inner wpex-inline-block\">SKILLS SUMMER CHALLENGE<\/span><\/h2><style>.vcex-heading.vcex_69ef3669ae89b{color:#2496d3;font-size:15px;font-weight:500;font-style:italic;text-transform:uppercase;background-color:var(--wpex-accent);}@media (max-width:479px){.vcex-heading.vcex_69ef3669ae89b{font-size:13px;}}<\/style><div class=\"vcex-heading vcex-heading-plain vcex-module wpex-heading wpex-text-2xl wpex-div wpex-rounded-0 wpex-text-left vc_custom_1753858788004 vcex_69ef3669ae89b\"><a href=\"https:\/\/swetechockey.com\/startsida\/event\/skills-challenge-2025\/\" class=\"wpex-no-underline wpex-inherit-color-important\" target=\"_self\"><span class=\"vcex-heading-inner wpex-inline-block\">4 - 11 Juli 2026, Tyrshov Ishall, Tyringe<\/span><\/a><\/div><div class=\"vcex-module vcex-divider vcex-divider-solid vcex-divider-center wpex-mx-auto wpex-max-w-100 wpex-block wpex-h-0 wpex-border-b wpex-border-solid wpex-border-main linje\" style=\"width:100%;\"><\/div><style>.vcex-leader.vcex_69ef3669af21f{color:#020f34;font-size:17px;}.vcex-leader.vcex_69ef3669af21f .vcex-leader-item__label,.vcex-leader.vcex_69ef3669af21f .vcex-leader-item__value{background:#ffffff;}.vcex-leader.vcex_69ef3669af21f .vcex-leader-item__label{font-weight:700;}.vcex-leader.vcex_69ef3669af21f .vcex-leader-item__value{font-weight:400;}@media (max-width:479px){.vcex-leader.vcex_69ef3669af21f{font-size:15px;}}<\/style><div class=\"vcex-leader vcex-leader-minimal vcex-module wpex-overflow-hidden wpex-mx-auto wpex-max-w-100 wpex-last-mb-0 wpex-clr vcex-responsive campinfo vcex_69ef3669af21f\"><div class=\"vcex-leader-item wpex-clr\"><span class=\"vcex-leader-item__label vcex-first wpex-pr-5 wpex-surface-1 wpex-relative wpex-z-2\">Typ av camp<\/span><span class=\"vcex-leader-item__value vcex-last wpex-float-right wpex-pl-5 wpex-surface-1 wpex-relative wpex-z-2\">6 Dagars Camp<\/span><\/div><div class=\"vcex-leader-item wpex-clr\"><span class=\"vcex-leader-item__label vcex-first wpex-pr-5 wpex-surface-1 wpex-relative wpex-z-2\">Fokusomr\u00e5den<\/span><span class=\"vcex-leader-item__value vcex-last wpex-float-right wpex-pl-5 wpex-surface-1 wpex-relative wpex-z-2\">Develop Camp with Skate&Skills<\/span><\/div><div class=\"vcex-leader-item wpex-clr\"><span class=\"vcex-leader-item__label vcex-first wpex-pr-5 wpex-surface-1 wpex-relative wpex-z-2\">\u00c5lder<\/span><span class=\"vcex-leader-item__value vcex-last wpex-float-right wpex-pl-5 wpex-surface-1 wpex-relative wpex-z-2\">11 - 15 \u00e5r<\/span><\/div><div class=\"vcex-leader-item wpex-clr\"><span class=\"vcex-leader-item__label vcex-first wpex-pr-5 wpex-surface-1 wpex-relative wpex-z-2\">Instrukt\u00f6rer<\/span><span class=\"vcex-leader-item__value vcex-last wpex-float-right wpex-pl-5 wpex-surface-1 wpex-relative wpex-z-2\">Team Swetec<\/span><\/div><div class=\"vcex-leader-item wpex-clr\"><span class=\"vcex-leader-item__label vcex-first wpex-pr-5 wpex-surface-1 wpex-relative wpex-z-2\">Pris<\/span><span class=\"vcex-leader-item__value vcex-last wpex-float-right wpex-pl-5 wpex-surface-1 wpex-relative wpex-z-2\">6999 SEK<\/span><\/div><\/div><div class=\"theme-button-wrap theme-button-block-wrap wpex-block wpex-clear wpex-clr\"><a href=\"https:\/\/swetechockey.com\/startsida\/event\/summer-challenge-26\/\" class=\"vcex-button theme-button align-right block\"><span class=\"vcex-button-inner theme-button-inner wpex-flex wpex-flex-wrap wpex-items-center wpex-justify-center\">L\u00e4s mer och boka din plats<span class=\"vcex-button-icon vcex-icon-wrap theme-button-icon-right\"><span aria-hidden=\"true\" class=\"vc-material vc-material-arrow_forward\"><\/span><\/span><\/span><\/a><\/div> [\/vc_column][\/vc_row][vc_row content_placement=&#8221;middle&#8221; column_spacing=&#8221;0px&#8221; equal_height=&#8221;yes&#8221; remove_bottom_col_margin=&#8221;true&#8221; css=&#8221;.vc_custom_1756369744911{margin-bottom: 60px !important;}&#8221; el_class=&#8221;campinfobox&#8221;][vc_column width=&#8221;1\/3&#8243; css=&#8221;.vc_custom_1756369873548{background: #000000 url(https:\/\/media.swetechockey.com\/2025\/08\/swe_bak_simon.png?id=25246) !important;background-position: center !important;background-repeat: no-repeat !important;background-size: cover !important;}&#8221; min_height=&#8221;250px&#8221;]<figure class=\"vcex-image vcex-module wpex-text-center\"><div class=\"vcex-image-inner wpex-relative wpex-inline-block vc_custom_1756369170773\"><img width=\"1000\" height=\"616\" src=\"https:\/\/media.swetechockey.com\/2025\/07\/summerchallenge_logo_2026.png\" class=\"vcex-image-img wpex-align-middle\" alt=\"\" loading=\"lazy\" decoding=\"async\" srcset=\"https:\/\/media.swetechockey.com\/2025\/07\/summerchallenge_logo_2026.png 1000w, https:\/\/media.swetechockey.com\/2025\/07\/summerchallenge_logo_2026-400x246.png 400w, https:\/\/media.swetechockey.com\/2025\/07\/summerchallenge_logo_2026-768x473.png 768w, https:\/\/media.swetechockey.com\/2025\/07\/summerchallenge_logo_2026-600x370.png 600w\" sizes=\"auto, (max-width: 1000px) 100vw, 1000px\" \/><\/div><\/figure>[\/vc_column][vc_column width=&#8221;2\/3&#8243; css=&#8221;.vc_custom_1687338444905{background-color: #ffffff !important;}&#8221;]<style>.vcex-heading.vcex_69ef3669b04c9{color:#ffffff;font-size:26px;background-color:var(--wpex-accent);}@media (max-width:479px){.vcex-heading.vcex_69ef3669b04c9{font-size:20px;}}<\/style><h2 class=\"vcex-heading vcex-heading-plain vcex-module wpex-heading wpex-text-2xl wpex-h2 wpex-rounded-0 wpex-text-left vc_custom_1753861538273 vcex_69ef3669b04c9\"><span class=\"vcex-heading-inner wpex-inline-block\">ELITE PRO SUMMER CHALLENGE<\/span><\/h2><style>.vcex-heading.vcex_69ef3669b08eb{color:#2496d3;font-size:15px;font-weight:500;font-style:italic;text-transform:uppercase;background-color:var(--wpex-accent);}@media (max-width:479px){.vcex-heading.vcex_69ef3669b08eb{font-size:13px;}}<\/style><div class=\"vcex-heading vcex-heading-plain vcex-module wpex-heading wpex-text-2xl wpex-div wpex-rounded-0 wpex-text-left vc_custom_1753858809093 vcex_69ef3669b08eb\"><a href=\"https:\/\/swetechockey.com\/startsida\/event\/skills-challenge-2025\/\" class=\"wpex-no-underline wpex-inherit-color-important\" target=\"_self\"><span class=\"vcex-heading-inner wpex-inline-block\">5 - 11 Juli 2026, Tyrshov Ishall, Tyringe<\/span><\/a><\/div><div class=\"vcex-module vcex-divider vcex-divider-solid vcex-divider-center wpex-mx-auto wpex-max-w-100 wpex-block wpex-h-0 wpex-border-b wpex-border-solid wpex-border-main linje\" style=\"width:100%;\"><\/div><style>.vcex-leader.vcex_69ef3669b0e24{color:#020f34;font-size:17px;}.vcex-leader.vcex_69ef3669b0e24 .vcex-leader-item__label,.vcex-leader.vcex_69ef3669b0e24 .vcex-leader-item__value{background:#ffffff;}.vcex-leader.vcex_69ef3669b0e24 .vcex-leader-item__label{font-weight:700;}.vcex-leader.vcex_69ef3669b0e24 .vcex-leader-item__value{font-weight:400;}@media (max-width:479px){.vcex-leader.vcex_69ef3669b0e24{font-size:15px;}}<\/style><div class=\"vcex-leader vcex-leader-minimal vcex-module wpex-overflow-hidden wpex-mx-auto wpex-max-w-100 wpex-last-mb-0 wpex-clr vcex-responsive campinfo vcex_69ef3669b0e24\"><div class=\"vcex-leader-item wpex-clr\"><span class=\"vcex-leader-item__label vcex-first wpex-pr-5 wpex-surface-1 wpex-relative wpex-z-2\">Typ av camp<\/span><span class=\"vcex-leader-item__value vcex-last wpex-float-right wpex-pl-5 wpex-surface-1 wpex-relative wpex-z-2\">7 Dagars Camp<\/span><\/div><div class=\"vcex-leader-item wpex-clr\"><span class=\"vcex-leader-item__label vcex-first wpex-pr-5 wpex-surface-1 wpex-relative wpex-z-2\">Fokusomr\u00e5den<\/span><span class=\"vcex-leader-item__value vcex-last wpex-float-right wpex-pl-5 wpex-surface-1 wpex-relative wpex-z-2\">Develop Camp for Season<\/span><\/div><div class=\"vcex-leader-item wpex-clr\"><span class=\"vcex-leader-item__label vcex-first wpex-pr-5 wpex-surface-1 wpex-relative wpex-z-2\">\u00c5lder<\/span><span class=\"vcex-leader-item__value vcex-last wpex-float-right wpex-pl-5 wpex-surface-1 wpex-relative wpex-z-2\">16 \u00e5r - Senior<\/span><\/div><div class=\"vcex-leader-item wpex-clr\"><span class=\"vcex-leader-item__label vcex-first wpex-pr-5 wpex-surface-1 wpex-relative wpex-z-2\">Instrukt\u00f6rer<\/span><span class=\"vcex-leader-item__value vcex-last wpex-float-right wpex-pl-5 wpex-surface-1 wpex-relative wpex-z-2\">SWETEC Team<\/span><\/div><div class=\"vcex-leader-item wpex-clr\"><span class=\"vcex-leader-item__label vcex-first wpex-pr-5 wpex-surface-1 wpex-relative wpex-z-2\">Pris<\/span><span class=\"vcex-leader-item__value vcex-last wpex-float-right wpex-pl-5 wpex-surface-1 wpex-relative wpex-z-2\">7999 SEK<\/span><\/div><\/div><div class=\"theme-button-wrap theme-button-block-wrap wpex-block wpex-clear wpex-clr\"><a href=\"https:\/\/swetechockey.com\/startsida\/event\/elite-pro-challenge-26\/\" class=\"vcex-button theme-button align-right block\"><span class=\"vcex-button-inner theme-button-inner wpex-flex wpex-flex-wrap wpex-items-center wpex-justify-center\">L\u00e4s mer och boka din plats<span class=\"vcex-button-icon vcex-icon-wrap theme-button-icon-right\"><span aria-hidden=\"true\" class=\"vc-material vc-material-arrow_forward\"><\/span><\/span><\/span><\/a><\/div> [\/vc_column][\/vc_row][vc_row content_placement=&#8221;middle&#8221; gap=&#8221;30&#8243; disable_element=&#8221;yes&#8221;][vc_column width=&#8221;1\/2&#8243; css=&#8221;.vc_custom_1721726656577{background-image: url(https:\/\/media.swetechockey.com\/2024\/07\/sverigeflagga.jpg?id=23298) !important;background-position: center !important;background-repeat: no-repeat !important;background-size: cover !important;}&#8221; min_height=&#8221;250px&#8221;]<div class=\"theme-button-wrap textcenter wpex-clr\"><a href=\"https:\/\/swetechockey.com\/startsida\/utbildningar\/summer-challenge-swe\/\" class=\"vcex-button theme-button align-center inline\"><span class=\"vcex-button-inner theme-button-inner wpex-flex wpex-flex-wrap wpex-items-center wpex-justify-center\">SVENSKA<\/span><\/a><\/div> [\/vc_column][vc_column width=&#8221;1\/2&#8243; min_height=&#8221;250px&#8221; css=&#8221;.vc_custom_1721726683276{background-image: url(https:\/\/media.swetechockey.com\/2024\/07\/englandflagga.jpg?id=23297) !important;background-position: center !important;background-repeat: no-repeat !important;background-size: cover !important;}&#8221;]<div class=\"theme-button-wrap textcenter wpex-clr\"><a href=\"https:\/\/swetechockey.com\/startsida\/utbildningar\/summer-challenge-eng\/\" class=\"vcex-button theme-button align-center inline\"><span class=\"vcex-button-inner theme-button-inner wpex-flex wpex-flex-wrap wpex-items-center wpex-justify-center\">ENGLISH<\/span><\/a><\/div> [\/vc_column][\/vc_row]\n<\/div>","protected":false},"excerpt":{"rendered":"<p>[vc_row full_width=&#8221;stretch_row&#8221; content_placement=&#8221;middle&#8221; columns_right=&#8221;yes&#8221; wpex_bg_position=&#8221;bottom&#8221; css=&#8221;.vc_custom_1636149861456{margin-bottom: 80px !important;}&#8221;][vc_column width=&#8221;1\/2&#8243;][\/vc_column][vc_column width=&#8221;1\/2&#8243;][vc_column_text css=&#8221;.vc_custom_1753859204963{padding-top: 30px !important;}&#8221;] V\u00e4lkomna till &#8221;SUPER WEEK&#8221; 2026! SUMMER CHALLENGE blir 25 \u00e5r 2026, det \u00e4r Sveriges mest ambiti\u00f6sa hockeyl\u00e4ger&hellip;<\/p>\n","protected":false},"author":1,"featured_media":0,"parent":0,"menu_order":0,"comment_status":"closed","ping_status":"closed","template":"","meta":{"_price":"","_stock":"","_tribe_ticket_header":"","_tribe_default_ticket_provider":"","_tribe_ticket_capacity":"0","_ticket_start_date":"","_ticket_end_date":"","_tribe_ticket_show_description":"","_tribe_ticket_show_not_going":false,"_tribe_ticket_use_global_stock":"","_tribe_ticket_global_stock_level":"","_global_stock_mode":"","_global_stock_cap":"","_tribe_rsvp_for_event":"","_tribe_ticket_going_count":"","_tribe_ticket_not_going_count":"","_tribe_tickets_list":"[]","_tribe_ticket_has_attendee_info_fields":false,"footnotes":""},"class_list":["post-23294","page","type-page","status-publish","hentry","entry","no-media"],"_links":{"self":[{"href":"https:\/\/swetechockey.com\/startsida\/wp-json\/wp\/v2\/pages\/23294","targetHints":{"allow":["GET"]}}],"collection":[{"href":"https:\/\/swetechockey.com\/startsida\/wp-json\/wp\/v2\/pages"}],"about":[{"href":"https:\/\/swetechockey.com\/startsida\/wp-json\/wp\/v2\/types\/page"}],"author":[{"embeddable":true,"href":"https:\/\/swetechockey.com\/startsida\/wp-json\/wp\/v2\/users\/1"}],"replies":[{"embeddable":true,"href":"https:\/\/swetechockey.com\/startsida\/wp-json\/wp\/v2\/comments?post=23294"}],"version-history":[{"count":23,"href":"https:\/\/swetechockey.com\/startsida\/wp-json\/wp\/v2\/pages\/23294\/revisions"}],"predecessor-version":[{"id":25479,"href":"https:\/\/swetechockey.com\/startsida\/wp-json\/wp\/v2\/pages\/23294\/revisions\/25479"}],"wp:attachment":[{"href":"https:\/\/swetechockey.com\/startsida\/wp-json\/wp\/v2\/media?parent=23294"}],"curies":[{"name":"wp","href":"https:\/\/api.w.org\/{rel}","templated":true}]}}